{"id":2907,"date":"2023-10-22T19:14:27","date_gmt":"2023-10-22T19:14:27","guid":{"rendered":"https:\/\/dev.arthur-guilet.fr\/?page_id=2907"},"modified":"2023-12-11T00:01:21","modified_gmt":"2023-12-11T00:01:21","slug":"besuchen-sie","status":"publish","type":"page","link":"https:\/\/dreaming-places.fr\/de\/besuchen-sie\/","title":{"rendered":"Besuchen Sie"},"content":{"rendered":"<div data-elementor-type=\"wp-page\" data-elementor-id=\"2907\" class=\"elementor elementor-2907\">\n\t\t\t\t<div class=\"elementor-element elementor-element-cbc78df e-flex e-con-boxed e-con e-parent\" data-id=\"cbc78df\" data-element_type=\"container\" data-e-type=\"container\">\n\t\t\t\t\t<div class=\"e-con-inner\">\n\t\t<div class=\"elementor-element elementor-element-69d3c04 e-flex e-con-boxed e-con e-child\" data-id=\"69d3c04\" data-element_type=\"container\" data-e-type=\"container\">\n\t\t\t\t\t<div class=\"e-con-inner\">\n\t\t\t\t<div class=\"elementor-element elementor-element-ff50446 elementor-widget elementor-widget-heading\" data-id=\"ff50446\" data-element_type=\"widget\" data-e-type=\"widget\" data-widget_type=\"heading.default\">\n\t\t\t\t<div class=\"elementor-widget-container\">\n\t\t\t\t\t<h2 class=\"elementor-heading-title elementor-size-default\">Willkommen im Finist\u00e8re!<\/h2>\t\t\t\t<\/div>\n\t\t\t\t<\/div>\n\t\t\t\t<div class=\"elementor-element elementor-element-87e1733 elementor-widget elementor-widget-text-editor\" data-id=\"87e1733\" data-element_type=\"widget\" data-e-type=\"widget\" data-widget_type=\"text-editor.default\">\n\t\t\t\t<div class=\"elementor-widget-container\">\n\t\t\t\t\t\t\t\t\t<p>Le Finist\u00e8re (litt\u00e9ralement: le bout de la Terre, pen ar bed en breton), d\u00e9partement fran\u00e7ais vous proposant 795 km de c\u00f4tes, est cern\u00e9 par la Manche au Nord et l&#8217;Atlantique \u00e0 l&#8217;Ouest et au Sud. Les villas que nous vous proposons sont situ\u00e9es dans un environnement pr\u00e9serv\u00e9 de c\u00f4tes d\u00e9coup\u00e9es. Cette Bretagne Authentique vous offre des paysages fabuleux et poss\u00e8de des attraits touristiques indiscutables et nombreux.<\/p><p>Venez d\u00e9couvrir une r\u00e9gion d&#8217;exception et laissez-vous s\u00e9duire par le Charme et la beaut\u00e9 des paysages.<\/p>\t\t\t\t\t\t\t\t<\/div>\n\t\t\t\t<\/div>\n\t\t\t\t\t<\/div>\n\t\t\t\t<\/div>\n\t\t\t\t<div class=\"elementor-element elementor-element-3ac6bd7 elementor-widget elementor-widget-image\" data-id=\"3ac6bd7\" data-element_type=\"widget\" data-e-type=\"widget\" data-widget_type=\"image.default\">\n\t\t\t\t<div class=\"elementor-widget-container\">\n\t\t\t\t\t\t\t\t\t\t\t\t\t\t\t<img fetchpriority=\"high\" decoding=\"async\" width=\"592\" height=\"395\" src=\"https:\/\/dreaming-places.fr\/app\/uploads\/2023\/10\/thanh-nguyen-osllB_Ad59Y-unsplash.jpg\" class=\"attachment-houzez-item-image-1 size-houzez-item-image-1 wp-image-2915\" alt=\"\" srcset=\"\" \/>\t\t\t\t\t\t\t\t\t\t\t\t\t\t\t<\/div>\n\t\t\t\t<\/div>\n\t\t\t\t\t<\/div>\n\t\t\t\t<\/div>\n\t\t<div class=\"elementor-element elementor-element-f2c3976 e-flex e-con-boxed e-con e-parent\" data-id=\"f2c3976\" data-element_type=\"container\" data-e-type=\"container\">\n\t\t\t\t\t<div class=\"e-con-inner\">\n\t\t\t\t<div class=\"elementor-element elementor-element-86b9cbd elementor-widget elementor-widget-image\" data-id=\"86b9cbd\" data-element_type=\"widget\" data-e-type=\"widget\" data-widget_type=\"image.default\">\n\t\t\t\t<div class=\"elementor-widget-container\">\n\t\t\t\t\t\t\t\t\t\t\t\t\t\t\t<img decoding=\"async\" width=\"592\" height=\"444\" src=\"https:\/\/dreaming-places.fr\/app\/uploads\/2023\/10\/Golf-de-Carantec-Golfs-en-Bretagne-.jpg\" class=\"attachment-houzez-item-image-1 size-houzez-item-image-1 wp-image-2920\" alt=\"\" srcset=\"\" \/>\t\t\t\t\t\t\t\t\t\t\t\t\t\t\t<\/div>\n\t\t\t\t<\/div>\n\t\t<div class=\"elementor-element elementor-element-7d67a7f e-flex e-con-boxed e-con e-child\" data-id=\"7d67a7f\" data-element_type=\"container\" data-e-type=\"container\">\n\t\t\t\t\t<div class=\"e-con-inner\">\n\t\t\t\t<div class=\"elementor-element elementor-element-ccf685e elementor-widget elementor-widget-heading\" data-id=\"ccf685e\" data-element_type=\"widget\" data-e-type=\"widget\" data-widget_type=\"heading.default\">\n\t\t\t\t<div class=\"elementor-widget-container\">\n\t\t\t\t\t<h2 class=\"elementor-heading-title elementor-size-default\">Der Golf<\/h2>\t\t\t\t<\/div>\n\t\t\t\t<\/div>\n\t\t\t\t<div class=\"elementor-element elementor-element-4d448f1 elementor-widget elementor-widget-text-editor\" data-id=\"4d448f1\" data-element_type=\"widget\" data-e-type=\"widget\" data-widget_type=\"text-editor.default\">\n\t\t\t\t<div class=\"elementor-widget-container\">\n\t\t\t\t\t\t\t\t\t<p><a style=\"color: #ba903b;\" title=\"Golf Carantec\" href=\"http:\/\/www.carantec-golf.com\/\" target=\"_blank\" rel=\"noopener\">Golfplatz in Carantec<\/a> b\u00e9n\u00e9ficie d&#8217;un cadre unique de bord de mer. Un paysage et une vue \u00e0 couper le souffle. Il s&#8217;agit d&#8217;un 9 trous homologu\u00e9 qui est accessible aux joueurs de tous niveaux. <a style=\"color: #ba903b;\" title=\"golf finistere nord\" href=\"http:\/\/fr.federal-hotel.com\/golfs-finistere-29.htm\" target=\"_blank\" rel=\"noopener\">Liste der Golfpl\u00e4tze in Finist\u00e8re Nord<\/a> .<\/p><p><a style=\"color: #ba903b;\" href=\"http:\/\/golf-cs.jimdo.com\/\" target=\"_blank\" rel=\"noopener\">Der Golf de la c\u00f4te des sables<\/a> in Plouescat, ein 9-Loch-Platz im Bau, hei\u00dft Sie ab sofort willkommen.<\/p>\t\t\t\t\t\t\t\t<\/div>\n\t\t\t\t<\/div>\n\t\t\t\t\t<\/div>\n\t\t\t\t<\/div>\n\t\t\t\t\t<\/div>\n\t\t\t\t<\/div>\n\t\t<div class=\"elementor-element elementor-element-6bdd44c e-flex e-con-boxed e-con e-parent\" data-id=\"6bdd44c\" data-element_type=\"container\" data-e-type=\"container\">\n\t\t\t\t\t<div class=\"e-con-inner\">\n\t\t<div class=\"elementor-element elementor-element-fd6954b e-flex e-con-boxed e-con e-child\" data-id=\"fd6954b\" data-element_type=\"container\" data-e-type=\"container\">\n\t\t\t\t\t<div class=\"e-con-inner\">\n\t\t\t\t<div class=\"elementor-element elementor-element-3799950 elementor-widget elementor-widget-heading\" data-id=\"3799950\" data-element_type=\"widget\" data-e-type=\"widget\" data-widget_type=\"heading.default\">\n\t\t\t\t<div class=\"elementor-widget-container\">\n\t\t\t\t\t<h2 class=\"elementor-heading-title elementor-size-default\">Das Erbe<\/h2>\t\t\t\t<\/div>\n\t\t\t\t<\/div>\n\t\t\t\t<div class=\"elementor-element elementor-element-659894f elementor-widget elementor-widget-text-editor\" data-id=\"659894f\" data-element_type=\"widget\" data-e-type=\"widget\" data-widget_type=\"text-editor.default\">\n\t\t\t\t<div class=\"elementor-widget-container\">\n\t\t\t\t\t\t\t\t\tLiebhaber alter Steine und des Kulturerbes werden begeistert sein, das <a  style=\"color: #ba903b;\" title=\"Manoir de Tronjoly\" href=\"https:\/\/fr.wikipedia.org\/wiki\/Manoir_de_Tronjoly\" target=\"_blank\" rel=\"noopener\">Manoir de Tronjoly<\/a>am <a  style=\"color: #ba903b;\" title=\"Chateau de Kergounad\u00e9ac&#039;h\" href=\"http:\/\/chateau.over-blog.net\/article-finister-chateau-kergournadeac-h-cleder-54375402.html\" target=\"_blank\" rel=\"noopener\">ch\u00e2teau de Kergounad\u00e9ac&#8217;h <\/a> am <a  style=\"color: #ba903b;\" title=\"Herrenhaus kermenguy\" href=\"http:\/\/fr.wikipedia.org\/wiki\/Ch%C3%A2teau_de_Kermenguy\" target=\"_blank\" rel=\"noopener\">Manoir de Kermenguy<\/a> , <a  style=\"color: #ba903b;\" title=\"Das Schloss von Kerjean\" href=\"http:\/\/www.cheminsdupatrimoineenfinistere.com\/kerjean-lechateauenbref.html\" target=\"_blank\" rel=\"noopener\">schloss von Kerjean<\/a>.\t\t\t\t\t\t\t\t<\/div>\n\t\t\t\t<\/div>\n\t\t\t\t\t<\/div>\n\t\t\t\t<\/div>\n\t\t\t\t<div class=\"elementor-element elementor-element-a6f7020 elementor-widget elementor-widget-image\" data-id=\"a6f7020\" data-element_type=\"widget\" data-e-type=\"widget\" data-widget_type=\"image.default\">\n\t\t\t\t<div class=\"elementor-widget-container\">\n\t\t\t\t\t\t\t\t\t\t\t\t\t\t\t<img decoding=\"async\" width=\"592\" height=\"350\" src=\"https:\/\/dreaming-places.fr\/app\/uploads\/2023\/10\/chateau-de-kerjean-st-vougay-3-1200.jpg\" class=\"attachment-houzez-item-image-1 size-houzez-item-image-1 wp-image-2927\" alt=\"\" srcset=\"\" \/>\t\t\t\t\t\t\t\t\t\t\t\t\t\t\t<\/div>\n\t\t\t\t<\/div>\n\t\t\t\t\t<\/div>\n\t\t\t\t<\/div>\n\t\t<div class=\"elementor-element elementor-element-0a5527b e-flex e-con-boxed e-con e-parent\" data-id=\"0a5527b\" data-element_type=\"container\" data-e-type=\"container\">\n\t\t\t\t\t<div class=\"e-con-inner\">\n\t\t\t\t<div class=\"elementor-element elementor-element-f64440f elementor-widget elementor-widget-image\" data-id=\"f64440f\" data-element_type=\"widget\" data-e-type=\"widget\" data-widget_type=\"image.default\">\n\t\t\t\t<div class=\"elementor-widget-container\">\n\t\t\t\t\t\t\t\t\t\t\t\t\t\t\t<img loading=\"lazy\" decoding=\"async\" width=\"592\" height=\"444\" src=\"https:\/\/dreaming-places.fr\/app\/uploads\/2023\/10\/ile-de-batz-thibault-poriel-gale3-640x480-1.jpg\" class=\"attachment-houzez-item-image-1 size-houzez-item-image-1 wp-image-2934\" alt=\"\" srcset=\"\" \/>\t\t\t\t\t\t\t\t\t\t\t\t\t\t\t<\/div>\n\t\t\t\t<\/div>\n\t\t<div class=\"elementor-element elementor-element-4173298 e-flex e-con-boxed e-con e-child\" data-id=\"4173298\" data-element_type=\"container\" data-e-type=\"container\">\n\t\t\t\t\t<div class=\"e-con-inner\">\n\t\t\t\t<div class=\"elementor-element elementor-element-cd4d162 elementor-widget elementor-widget-heading\" data-id=\"cd4d162\" data-element_type=\"widget\" data-e-type=\"widget\" data-widget_type=\"heading.default\">\n\t\t\t\t<div class=\"elementor-widget-container\">\n\t\t\t\t\t<h2 class=\"elementor-heading-title elementor-size-default\">Die Insel Batz<\/h2>\t\t\t\t<\/div>\n\t\t\t\t<\/div>\n\t\t\t\t<div class=\"elementor-element elementor-element-4f8a19b elementor-widget elementor-widget-text-editor\" data-id=\"4f8a19b\" data-element_type=\"widget\" data-e-type=\"widget\" data-widget_type=\"text-editor.default\">\n\t\t\t\t<div class=\"elementor-widget-container\">\n\t\t\t\t\t\t\t\t\tVon Roscoff, Carantec, Plougasnou, Mogu\u00e9riec, <a  style=\"color: #ba903b;\" title=\"Einschiffung Ile de batz\" href=\"http:\/\/fr.wikipedia.org\/wiki\/Vedettes_de_l%27%C3%AEle_de_Batz\" target=\"_blank\" rel=\"noopener\">k\u00f6nnen Sie<\/a> <a   style=\"color: #ba903b;\" title=\"Einschiffung Ile de batz\" href=\"http:\/\/fr.wikipedia.org\/wiki\/Vedettes_de_l%27%C3%AEle_de_Batz\" target=\"_blank\" rel=\"noopener\"> an Bord gehen <\/a> f\u00fcr die<a   style=\"color: #ba903b;\" title=\"ile de Batz\" href=\"http:\/\/www.iledebatz.net\/index.php\" target=\"_blank\" rel=\"noopener\">&#8216;\u00eele de Batz <\/a> . Bei einer Wanderung um die Insel mit der Familie oder Freunden k\u00f6nnen Sie die Welt f\u00fcr einen Moment hinter sich lassen. Verpassen Sie nicht den <a   style=\"color: #ba903b;\" title=\"jardin-georges-delaselle\" href=\"http:\/\/www.jardin-georgesdelaselle.fr\/\" target=\"_blank\" rel=\"noopener\">wundersch\u00f6ner botanischer Garten<\/a> . Und wenn Sie einen Moment Zeit haben, ein kleines St\u00fcck Brot aus dem Land mit \".<a   style=\"color: #ba903b;\" title=\"ile de batz bigorneau langoureux\" href=\"http:\/\/www.lebigorneaulangoureux.fr\/\" target=\"_blank\" rel=\"noopener\"> Tordalk Langoureux<\/a> \" wird Ihre Belohnung sein, bevor Sie nach Roscoff weiterfahren.\t\t\t\t\t\t\t\t<\/div>\n\t\t\t\t<\/div>\n\t\t\t\t\t<\/div>\n\t\t\t\t<\/div>\n\t\t\t\t\t<\/div>\n\t\t\t\t<\/div>\n\t\t<div class=\"elementor-element elementor-element-b49bf6d e-flex e-con-boxed e-con e-parent\" data-id=\"b49bf6d\" data-element_type=\"container\" data-e-type=\"container\">\n\t\t\t\t\t<div class=\"e-con-inner\">\n\t\t<div class=\"elementor-element elementor-element-addecd7 e-flex e-con-boxed e-con e-child\" data-id=\"addecd7\" data-element_type=\"container\" data-e-type=\"container\">\n\t\t\t\t\t<div class=\"e-con-inner\">\n\t\t\t\t<div class=\"elementor-element elementor-element-a8ea322 elementor-widget elementor-widget-heading\" data-id=\"a8ea322\" data-element_type=\"widget\" data-e-type=\"widget\" data-widget_type=\"heading.default\">\n\t\t\t\t<div class=\"elementor-widget-container\">\n\t\t\t\t\t<h2 class=\"elementor-heading-title elementor-size-default\">Roscoff<\/h2>\t\t\t\t<\/div>\n\t\t\t\t<\/div>\n\t\t\t\t<div class=\"elementor-element elementor-element-2e6ff84 elementor-widget elementor-widget-text-editor\" data-id=\"2e6ff84\" data-element_type=\"widget\" data-e-type=\"widget\" data-widget_type=\"text-editor.default\">\n\t\t\t\t<div class=\"elementor-widget-container\">\n\t\t\t\t\t\t\t\t\tFahren Sie nicht durch das Finist\u00e8re, ohne einen Halt in <a   style=\"color: #ba903b;\" title=\"roscoff\" href=\"http:\/\/www.aferaflots.org\/Roscoff-347-5-0-0.html\" target=\"_blank\" rel=\"noopener\">Roscoff, <\/a>ville corsaire, &#8220;petite cit\u00e9 de caract\u00e8re de Bretagne&#8221;, label d\u00e9livr\u00e9 sous conditions strictes. <a  style=\"color: #ba903b;\"  title=\"exotischer garten roscoff\" href=\"http:\/\/www.jardinexotiqueroscoff.com\/cms\/\" target=\"_blank\" rel=\"noopener\">Der exotische Garten von Roscoff<\/a> <a   style=\"color: #ba903b;\" title=\"\" href=\"https:\/\/dreaming-places.fr\/de\/\"http:\/www.jardinexotiqueroscoff.com\/cms\/\"\/\" target=\"\">,<\/a> am Eingang von Roscoff und direkt am Meer gelegen, verdient einen kleinen Zwischenstopp.\t\t\t\t\t\t\t\t<\/div>\n\t\t\t\t<\/div>\n\t\t\t\t\t<\/div>\n\t\t\t\t<\/div>\n\t\t\t\t<div class=\"elementor-element elementor-element-981b7d7 elementor-widget elementor-widget-image\" data-id=\"981b7d7\" data-element_type=\"widget\" data-e-type=\"widget\" data-widget_type=\"image.default\">\n\t\t\t\t<div class=\"elementor-widget-container\">\n\t\t\t\t\t\t\t\t\t\t\t\t\t\t\t<img loading=\"lazy\" decoding=\"async\" width=\"540\" height=\"312\" src=\"https:\/\/dreaming-places.fr\/app\/uploads\/2023\/10\/licensed-image.jpg\" class=\"attachment-houzez-item-image-1 size-houzez-item-image-1 wp-image-2941\" alt=\"\" srcset=\"\" \/>\t\t\t\t\t\t\t\t\t\t\t\t\t\t\t<\/div>\n\t\t\t\t<\/div>\n\t\t\t\t\t<\/div>\n\t\t\t\t<\/div>\n\t\t<div class=\"elementor-element elementor-element-36f4ab2 e-flex e-con-boxed e-con e-parent\" data-id=\"36f4ab2\" data-element_type=\"container\" data-e-type=\"container\">\n\t\t\t\t\t<div class=\"e-con-inner\">\n\t\t\t\t<div class=\"elementor-element elementor-element-c6692ce elementor-widget elementor-widget-image\" data-id=\"c6692ce\" data-element_type=\"widget\" data-e-type=\"widget\" data-widget_type=\"image.default\">\n\t\t\t\t<div class=\"elementor-widget-container\">\n\t\t\t\t\t\t\t\t\t\t\t\t\t\t\t<img loading=\"lazy\" decoding=\"async\" width=\"592\" height=\"332\" src=\"https:\/\/dreaming-places.fr\/app\/uploads\/2023\/10\/Phare_Ile_Noire.jpg\" class=\"attachment-houzez-item-image-1 size-houzez-item-image-1 wp-image-2943\" alt=\"\" srcset=\"\" \/>\t\t\t\t\t\t\t\t\t\t\t\t\t\t\t<\/div>\n\t\t\t\t<\/div>\n\t\t<div class=\"elementor-element elementor-element-0aafb17 e-flex e-con-boxed e-con e-child\" data-id=\"0aafb17\" data-element_type=\"container\" data-e-type=\"container\">\n\t\t\t\t\t<div class=\"e-con-inner\">\n\t\t\t\t<div class=\"elementor-element elementor-element-d90d6c2 elementor-widget elementor-widget-heading\" data-id=\"d90d6c2\" data-element_type=\"widget\" data-e-type=\"widget\" data-widget_type=\"heading.default\">\n\t\t\t\t<div class=\"elementor-widget-container\">\n\t\t\t\t\t<h2 class=\"elementor-heading-title elementor-size-default\">Inseln und Inselchen<\/h2>\t\t\t\t<\/div>\n\t\t\t\t<\/div>\n\t\t\t\t<div class=\"elementor-element elementor-element-88f6e33 elementor-widget elementor-widget-text-editor\" data-id=\"88f6e33\" data-element_type=\"widget\" data-e-type=\"widget\" data-widget_type=\"text-editor.default\">\n\t\t\t\t<div class=\"elementor-widget-container\">\n\t\t\t\t\t\t\t\t\t<span id=\"result_box\" lang=\"en\">Une multitude d&#8217;autres \u00eeles et \u00eelots s&#8217;offrent \u00e0 vous, telles que l<a  style=\"color: #ba903b;\"  title=\"ile callot\" href=\"http:\/\/www.google.fr\/search?q=ile+callot&amp;hl=fr&amp;client=firefox-a&amp;hs=JBi&amp;rls=org.mozilla:fr:official&amp;prmd=imvns&amp;tbm=isch&amp;tbo=u&amp;source=univ&amp;sa=X&amp;ei=TfOXT6CyLYnE0QWYzsnjBQ&amp;ved=0CEAQsAQ&amp;biw=1525&amp;bih=695\" target=\"_blank\" rel=\"noopener\">&#8216;\u00eele Callot<\/a> (Carantec) et l&#8217;<a   style=\"color: #ba903b;\" title=\"Sieckinsel\" href=\"http:\/\/www.google.fr\/search?q=ile+de+sieck&amp;hl=fr&amp;client=firefox-a&amp;hs=fAi&amp;rls=org.mozilla:fr:official&amp;prmd=imvns&amp;tbm=isch&amp;tbo=u&amp;source=univ&amp;sa=X&amp;ei=JfOXT9WgFOTX0QWH2sTuBQ&amp;ved=0CC4QsAQ&amp;biw=1525&amp;bih=695\" target=\"_blank\" rel=\"noopener\">Insel Sieck<\/a> (Santec), accessibles \u00e0 pied \u00e0 mar\u00e9e basse, mais aussi l&#8217;<a   style=\"color: #ba903b;\" title=\"schwarze Insel\" href=\"http:\/\/www.google.fr\/search?q=ile+noire&amp;hl=fr&amp;client=firefox-a&amp;hs=iUN&amp;rls=org.mozilla:fr:official&amp;prmd=imvns&amp;tbm=isch&amp;tbo=u&amp;source=univ&amp;sa=X&amp;ei=_fKXT-6vKuam0QXa0rX5BQ&amp;ved=0CEIQsAQ&amp;biw=1525&amp;bih=695\" target=\"_blank\" rel=\"noopener\">Schwarze Insel<\/a> , l<a  style=\"color: #ba903b;\"  title=\"ile lou\u00ebt\" href=\"http:\/\/www.google.fr\/search?q=ile+lou%C3%ABt&amp;hl=fr&amp;client=firefox-a&amp;hs=zgh&amp;rls=org.mozilla:fr:official&amp;prmd=imvns&amp;tbm=isch&amp;tbo=u&amp;source=univ&amp;sa=X&amp;ei=9euXT4rTEOTC0QXqrvDhBQ&amp;ved=0CC8QsAQ&amp;biw=1525&amp;bih=695\" target=\"_blank\" rel=\"noopener\">&#8216;\u00eele Lou\u00ebt<\/a> et bien d&#8217;autres. Quelle f\u00e9erie!<\/span>\t\t\t\t\t\t\t\t<\/div>\n\t\t\t\t<\/div>\n\t\t\t\t\t<\/div>\n\t\t\t\t<\/div>\n\t\t\t\t\t<\/div>\n\t\t\t\t<\/div>\n\t\t<div class=\"elementor-element elementor-element-3fbf47a e-flex e-con-boxed e-con e-parent\" data-id=\"3fbf47a\" data-element_type=\"container\" data-e-type=\"container\">\n\t\t\t\t\t<div class=\"e-con-inner\">\n\t\t<div class=\"elementor-element elementor-element-1749843 e-flex e-con-boxed e-con e-child\" data-id=\"1749843\" data-element_type=\"container\" data-e-type=\"container\">\n\t\t\t\t\t<div class=\"e-con-inner\">\n\t\t\t\t<div class=\"elementor-element elementor-element-8497f21 elementor-widget elementor-widget-heading\" data-id=\"8497f21\" data-element_type=\"widget\" data-e-type=\"widget\" data-widget_type=\"heading.default\">\n\t\t\t\t<div class=\"elementor-widget-container\">\n\t\t\t\t\t<h2 class=\"elementor-heading-title elementor-size-default\">Carantec<\/h2>\t\t\t\t<\/div>\n\t\t\t\t<\/div>\n\t\t\t\t<div class=\"elementor-element elementor-element-867a008 elementor-widget elementor-widget-text-editor\" data-id=\"867a008\" data-element_type=\"widget\" data-e-type=\"widget\" data-widget_type=\"text-editor.default\">\n\t\t\t\t<div class=\"elementor-widget-container\">\n\t\t\t\t\t\t\t\t\t<span id=\"result_box\" lang=\"fr\">La presqu&#8217;\u00eele de <a  style=\"color: #ba903b;\"  title=\"carantec\" href=\"http:\/\/www.ville-carantec.com\/\" target=\"_blank\" rel=\"noopener\">Carantec<\/a> vous offre des paysages \u00e0 couper le souffle. Entre histoire (le Ch\u00e2teau du Taureau, l&#8217;\u00eele Noire&#8230;), activit\u00e9s sportives, plages et criques agr\u00e9ables, vous profiterez de moments privil\u00e9gi\u00e9s. Laissez-vous bercer par la douceur de vivre \u00e0 Carantec.<\/span>\t\t\t\t\t\t\t\t<\/div>\n\t\t\t\t<\/div>\n\t\t\t\t\t<\/div>\n\t\t\t\t<\/div>\n\t\t\t\t<div class=\"elementor-element elementor-element-04d5d22 elementor-widget elementor-widget-image\" data-id=\"04d5d22\" data-element_type=\"widget\" data-e-type=\"widget\" data-widget_type=\"image.default\">\n\t\t\t\t<div class=\"elementor-widget-container\">\n\t\t\t\t\t\t\t\t\t\t\t\t\t\t\t<img loading=\"lazy\" decoding=\"async\" width=\"592\" height=\"395\" src=\"https:\/\/dreaming-places.fr\/app\/uploads\/2023\/10\/carantec.png\" class=\"attachment-houzez-item-image-1 size-houzez-item-image-1 wp-image-2947\" alt=\"\" srcset=\"\" \/>\t\t\t\t\t\t\t\t\t\t\t\t\t\t\t<\/div>\n\t\t\t\t<\/div>\n\t\t\t\t\t<\/div>\n\t\t\t\t<\/div>\n\t\t<div class=\"elementor-element elementor-element-a4e8b52 e-flex e-con-boxed e-con e-parent\" data-id=\"a4e8b52\" data-element_type=\"container\" data-e-type=\"container\">\n\t\t\t\t\t<div class=\"e-con-inner\">\n\t\t\t\t<div class=\"elementor-element elementor-element-f7e8d96 elementor-widget elementor-widget-image\" data-id=\"f7e8d96\" data-element_type=\"widget\" data-e-type=\"widget\" data-widget_type=\"image.default\">\n\t\t\t\t<div class=\"elementor-widget-container\">\n\t\t\t\t\t\t\t\t\t\t\t\t\t\t\t<img loading=\"lazy\" decoding=\"async\" width=\"592\" height=\"394\" src=\"https:\/\/dreaming-places.fr\/app\/uploads\/2023\/10\/oceanopolisvue-aeriennecopyright-oceanopolis.jpg\" class=\"attachment-houzez-item-image-1 size-houzez-item-image-1 wp-image-2949\" alt=\"\" srcset=\"\" \/>\t\t\t\t\t\t\t\t\t\t\t\t\t\t\t<\/div>\n\t\t\t\t<\/div>\n\t\t<div class=\"elementor-element elementor-element-e0ba1c4 e-flex e-con-boxed e-con e-child\" data-id=\"e0ba1c4\" data-element_type=\"container\" data-e-type=\"container\">\n\t\t\t\t\t<div class=\"e-con-inner\">\n\t\t\t\t<div class=\"elementor-element elementor-element-7adbacc elementor-widget elementor-widget-heading\" data-id=\"7adbacc\" data-element_type=\"widget\" data-e-type=\"widget\" data-widget_type=\"heading.default\">\n\t\t\t\t<div class=\"elementor-widget-container\">\n\t\t\t\t\t<h2 class=\"elementor-heading-title elementor-size-default\">Oc\u00e9anopolis<\/h2>\t\t\t\t<\/div>\n\t\t\t\t<\/div>\n\t\t\t\t<div class=\"elementor-element elementor-element-7b62322 elementor-widget elementor-widget-text-editor\" data-id=\"7b62322\" data-element_type=\"widget\" data-e-type=\"widget\" data-widget_type=\"text-editor.default\">\n\t\t\t\t<div class=\"elementor-widget-container\">\n\t\t\t\t\t\t\t\t\tIn Brest, <a style=\"color: #ba903b;\" title=\"Oceanopolis\" href=\"http:\/\/www.oceanopolis.com\/\" target=\"_blank\" rel=\"noopener\">Oc\u00e9anopolis <\/a>, un Aquarium magique, vous fait d\u00e9couvrir l&#8217;univers marin \u00e0 travers ses diff\u00e9rents pavillons, Tropical, Polaire, Temp\u00e9r\u00e9 et Biodiversit\u00e9. Vous allez en prendre plein les yeux.\t\t\t\t\t\t\t\t<\/div>\n\t\t\t\t<\/div>\n\t\t\t\t\t<\/div>\n\t\t\t\t<\/div>\n\t\t\t\t\t<\/div>\n\t\t\t\t<\/div>\n\t\t<div class=\"elementor-element elementor-element-558452c e-flex e-con-boxed e-con e-parent\" data-id=\"558452c\" data-element_type=\"container\" data-e-type=\"container\">\n\t\t\t\t\t<div class=\"e-con-inner\">\n\t\t<div class=\"elementor-element elementor-element-4675f13 e-flex e-con-boxed e-con e-child\" data-id=\"4675f13\" data-element_type=\"container\" data-e-type=\"container\">\n\t\t\t\t\t<div class=\"e-con-inner\">\n\t\t\t\t<div class=\"elementor-element elementor-element-5418be6 elementor-widget elementor-widget-heading\" data-id=\"5418be6\" data-element_type=\"widget\" data-e-type=\"widget\" data-widget_type=\"heading.default\">\n\t\t\t\t<div class=\"elementor-widget-container\">\n\t\t\t\t\t<h2 class=\"elementor-heading-title elementor-size-default\">Cairn von Barnenez<\/h2>\t\t\t\t<\/div>\n\t\t\t\t<\/div>\n\t\t\t\t<div class=\"elementor-element elementor-element-b0e848d elementor-widget elementor-widget-text-editor\" data-id=\"b0e848d\" data-element_type=\"widget\" data-e-type=\"widget\" data-widget_type=\"text-editor.default\">\n\t\t\t\t<div class=\"elementor-widget-container\">\n\t\t\t\t\t\t\t\t\tMit Blick auf das Meer, <a style=\"color: #ba903b;\"  title=\"Cairn von Barnenez\" href=\"http:\/\/barnenez.monuments-nationaux.fr\/\" target=\"_blank\" rel=\"noopener\">der Cairn von Barnenez <\/a> est le plus grand mausol\u00e9e m\u00e9galithique d&#8217;Europe. A voir absolument, sa situation et son histoire en font un lieu emprunt de magie (Pr\u00e8s de Morlaix).\n\n<span id=\"result_box\" lang=\"fr\">\u00a0<\/span>\t\t\t\t\t\t\t\t<\/div>\n\t\t\t\t<\/div>\n\t\t\t\t\t<\/div>\n\t\t\t\t<\/div>\n\t\t\t\t<div class=\"elementor-element elementor-element-cd23ab5 elementor-widget elementor-widget-image\" data-id=\"cd23ab5\" data-element_type=\"widget\" data-e-type=\"widget\" data-widget_type=\"image.default\">\n\t\t\t\t<div class=\"elementor-widget-container\">\n\t\t\t\t\t\t\t\t\t\t\t\t\t\t\t<img loading=\"lazy\" decoding=\"async\" width=\"592\" height=\"395\" src=\"https:\/\/dreaming-places.fr\/app\/uploads\/2023\/10\/le-cairn-de-barnenez.jpg\" class=\"attachment-houzez-item-image-1 size-houzez-item-image-1 wp-image-2965\" alt=\"\" srcset=\"\" \/>\t\t\t\t\t\t\t\t\t\t\t\t\t\t\t<\/div>\n\t\t\t\t<\/div>\n\t\t\t\t\t<\/div>\n\t\t\t\t<\/div>\n\t\t<div class=\"elementor-element elementor-element-9865880 e-flex e-con-boxed e-con e-parent\" data-id=\"9865880\" data-element_type=\"container\" data-e-type=\"container\">\n\t\t\t\t\t<div class=\"e-con-inner\">\n\t\t\t\t<div class=\"elementor-element elementor-element-f8c4c5a elementor-widget elementor-widget-image\" data-id=\"f8c4c5a\" data-element_type=\"widget\" data-e-type=\"widget\" data-widget_type=\"image.default\">\n\t\t\t\t<div class=\"elementor-widget-container\">\n\t\t\t\t\t\t\t\t\t\t\t\t\t\t\t<img loading=\"lazy\" decoding=\"async\" width=\"592\" height=\"298\" src=\"https:\/\/dreaming-places.fr\/app\/uploads\/2023\/10\/chateau_du_taureau_ciel_01.jpg\" class=\"attachment-houzez-item-image-1 size-houzez-item-image-1 wp-image-2967\" alt=\"\" srcset=\"\" \/>\t\t\t\t\t\t\t\t\t\t\t\t\t\t\t<\/div>\n\t\t\t\t<\/div>\n\t\t<div class=\"elementor-element elementor-element-5d8b014 e-flex e-con-boxed e-con e-child\" data-id=\"5d8b014\" data-element_type=\"container\" data-e-type=\"container\">\n\t\t\t\t\t<div class=\"e-con-inner\">\n\t\t\t\t<div class=\"elementor-element elementor-element-10443af elementor-widget elementor-widget-heading\" data-id=\"10443af\" data-element_type=\"widget\" data-e-type=\"widget\" data-widget_type=\"heading.default\">\n\t\t\t\t<div class=\"elementor-widget-container\">\n\t\t\t\t\t<h2 class=\"elementor-heading-title elementor-size-default\">Das Chateau du Taureau<\/h2>\t\t\t\t<\/div>\n\t\t\t\t<\/div>\n\t\t\t\t<div class=\"elementor-element elementor-element-579e1e8 elementor-widget elementor-widget-text-editor\" data-id=\"579e1e8\" data-element_type=\"widget\" data-e-type=\"widget\" data-widget_type=\"text-editor.default\">\n\t\t\t\t<div class=\"elementor-widget-container\">\n\t\t\t\t\t\t\t\t\tDie <a style=\"color: #ba903b;\"  title=\"chateau du Taureau\" href=\"http:\/\/www.chateaudutaureau.com\/\" target=\"_blank\" rel=\"noopener\">chateau du Taureau<\/a>, construit en1542 dans le but de se prot\u00e9ger de la menace anglaise, m\u00e9rite votre visite. Vous pouvez partir \u00e0 l&#8217;assaut de celui-ci en embarquant \u00e0 Carantec ou \u00e0 Plougasnou<a title=\"\" href=\"https:\/\/dreaming-places.fr\/de\/\"http:\/www.vedettes.armor.ile.de.batz.fr\/sortie-mer-groupes.php\"\/\" target=\"\">. <\/a><a style=\"color: #ba903b;\"  title=\"Schloss Taurus\" href=\"http:\/\/www.chateaudutaureau.com\/\" target=\"_blank\" rel=\"noopener\">Informieren Sie sich<\/a>. Im Schloss werden Sie manchmal von Auff\u00fchrungen in eine magische und bezaubernde Bretagne entf\u00fchrt.\t\t\t\t\t\t\t\t<\/div>\n\t\t\t\t<\/div>\n\t\t\t\t\t<\/div>\n\t\t\t\t<\/div>\n\t\t\t\t\t<\/div>\n\t\t\t\t<\/div>\n\t\t\t\t<\/div>","protected":false},"excerpt":{"rendered":"<p>Bienvenue dans le Finist\u00e8re ! Le Finist\u00e8re (litt\u00e9ralement: le bout de la Terre, pen ar bed en breton), d\u00e9partement fran\u00e7ais vous proposant 795 km de c\u00f4tes, est cern\u00e9 par la Manche au Nord et l&#8217;Atlantique \u00e0 l&#8217;Ouest et au Sud. Les villas que nous vous proposons sont situ\u00e9es dans un environnement pr\u00e9serv\u00e9 de c\u00f4tes d\u00e9coup\u00e9es. [&hellip;]<\/p>","protected":false},"author":1,"featured_media":0,"parent":0,"menu_order":0,"comment_status":"closed","ping_status":"closed","template":"elementor_header_footer","meta":{"footnotes":""},"folder":[],"class_list":["post-2907","page","type-page","status-publish","hentry"],"yoast_head":"<!-- This site is optimized with the Yoast SEO plugin v21.9.1 - https:\/\/yoast.com\/wordpress\/plugins\/seo\/ -->\n<title>Visiter - Dreaming Places<\/title>\n<meta name=\"robots\" content=\"index, follow, max-snippet:-1, max-image-preview:large, max-video-preview:-1\" \/>\n<link rel=\"canonical\" href=\"https:\/\/dreaming-places.fr\/de\/besuchen-sie\/\" \/>\n<meta property=\"og:locale\" content=\"de_DE\" \/>\n<meta property=\"og:type\" content=\"article\" \/>\n<meta property=\"og:title\" content=\"Visiter - Dreaming Places\" \/>\n<meta property=\"og:description\" content=\"Bienvenue dans le Finist\u00e8re ! Le Finist\u00e8re (litt\u00e9ralement: le bout de la Terre, pen ar bed en breton), d\u00e9partement fran\u00e7ais vous proposant 795 km de c\u00f4tes, est cern\u00e9 par la Manche au Nord et l&#8217;Atlantique \u00e0 l&#8217;Ouest et au Sud. Les villas que nous vous proposons sont situ\u00e9es dans un environnement pr\u00e9serv\u00e9 de c\u00f4tes d\u00e9coup\u00e9es. [&hellip;]\" \/>\n<meta property=\"og:url\" content=\"https:\/\/dreaming-places.fr\/de\/besuchen-sie\/\" \/>\n<meta property=\"og:site_name\" content=\"Dreaming Places\" \/>\n<meta property=\"article:publisher\" content=\"https:\/\/www.facebook.com\/people\/Dreaming-Places\/100007864324742\" \/>\n<meta property=\"article:modified_time\" content=\"2023-12-11T00:01:21+00:00\" \/>\n<meta property=\"og:image\" content=\"https:\/\/dreaming-places.fr\/app\/uploads\/2023\/10\/thanh-nguyen-osllB_Ad59Y-unsplash.jpg\" \/>\n<meta name=\"twitter:card\" content=\"summary_large_image\" \/>\n<meta name=\"twitter:label1\" content=\"Est. reading time\" \/>\n\t<meta name=\"twitter:data1\" content=\"3 Minuten\" \/>\n<script type=\"application\/ld+json\" class=\"yoast-schema-graph\">{\"@context\":\"https:\/\/schema.org\",\"@graph\":[{\"@type\":\"WebPage\",\"@id\":\"https:\/\/dreaming-places.fr\/visiter\/\",\"url\":\"https:\/\/dreaming-places.fr\/visiter\/\",\"name\":\"Visiter - Dreaming Places\",\"isPartOf\":{\"@id\":\"https:\/\/dreaming-places.fr\/#website\"},\"datePublished\":\"2023-10-22T19:14:27+00:00\",\"dateModified\":\"2023-12-11T00:01:21+00:00\",\"breadcrumb\":{\"@id\":\"https:\/\/dreaming-places.fr\/visiter\/#breadcrumb\"},\"inLanguage\":\"de-DE\",\"potentialAction\":[{\"@type\":\"ReadAction\",\"target\":[\"https:\/\/dreaming-places.fr\/visiter\/\"]}]},{\"@type\":\"BreadcrumbList\",\"@id\":\"https:\/\/dreaming-places.fr\/visiter\/#breadcrumb\",\"itemListElement\":[{\"@type\":\"ListItem\",\"position\":1,\"name\":\"Home\",\"item\":\"https:\/\/dreaming-places.fr\/\"},{\"@type\":\"ListItem\",\"position\":2,\"name\":\"Visiter\"}]},{\"@type\":\"WebSite\",\"@id\":\"https:\/\/dreaming-places.fr\/#website\",\"url\":\"https:\/\/dreaming-places.fr\/\",\"name\":\"Dreaming Places\",\"description\":\"Dreaming places vous permet de passer des vacances de r\u00eave, gr\u00e2ce \u00e0 la location de somptueuses villas de luxe de particuliers.\",\"publisher\":{\"@id\":\"https:\/\/dreaming-places.fr\/#organization\"},\"potentialAction\":[{\"@type\":\"SearchAction\",\"target\":{\"@type\":\"EntryPoint\",\"urlTemplate\":\"https:\/\/dreaming-places.fr\/?s={search_term_string}\"},\"query-input\":\"required name=search_term_string\"}],\"inLanguage\":\"de-DE\"},{\"@type\":\"Organization\",\"@id\":\"https:\/\/dreaming-places.fr\/#organization\",\"name\":\"Dreaming Places\",\"url\":\"https:\/\/dreaming-places.fr\/\",\"logo\":{\"@type\":\"ImageObject\",\"inLanguage\":\"de-DE\",\"@id\":\"https:\/\/dreaming-places.fr\/#\/schema\/logo\/image\/\",\"url\":\"https:\/\/dreaming-places.fr\/app\/uploads\/2023\/11\/favicondp.png\",\"contentUrl\":\"https:\/\/dreaming-places.fr\/app\/uploads\/2023\/11\/favicondp.png\",\"width\":300,\"height\":300,\"caption\":\"Dreaming Places\"},\"image\":{\"@id\":\"https:\/\/dreaming-places.fr\/#\/schema\/logo\/image\/\"},\"sameAs\":[\"https:\/\/www.facebook.com\/people\/Dreaming-Places\/100007864324742\",\"https:\/\/www.youtube.com\/channel\/UCYA9FYTaM5IBNC8PX1IaJJQ#\"]}]}<\/script>\n<!-- \/ Yoast SEO plugin. -->","yoast_head_json":{"title":"Besuchen - Dreaming Places","robots":{"index":"index","follow":"follow","max-snippet":"max-snippet:-1","max-image-preview":"max-image-preview:large","max-video-preview":"max-video-preview:-1"},"canonical":"https:\/\/dreaming-places.fr\/de\/besuchen-sie\/","og_locale":"de_DE","og_type":"article","og_title":"Visiter - Dreaming Places","og_description":"Bienvenue dans le Finist\u00e8re ! Le Finist\u00e8re (litt\u00e9ralement: le bout de la Terre, pen ar bed en breton), d\u00e9partement fran\u00e7ais vous proposant 795 km de c\u00f4tes, est cern\u00e9 par la Manche au Nord et l&#8217;Atlantique \u00e0 l&#8217;Ouest et au Sud. Les villas que nous vous proposons sont situ\u00e9es dans un environnement pr\u00e9serv\u00e9 de c\u00f4tes d\u00e9coup\u00e9es. [&hellip;]","og_url":"https:\/\/dreaming-places.fr\/de\/besuchen-sie\/","og_site_name":"Dreaming Places","article_publisher":"https:\/\/www.facebook.com\/people\/Dreaming-Places\/100007864324742","article_modified_time":"2023-12-11T00:01:21+00:00","og_image":[{"url":"https:\/\/dreaming-places.fr\/app\/uploads\/2023\/10\/thanh-nguyen-osllB_Ad59Y-unsplash.jpg"}],"twitter_card":"summary_large_image","twitter_misc":{"Est. reading time":"3 Minuten"},"schema":{"@context":"https:\/\/schema.org","@graph":[{"@type":"WebPage","@id":"https:\/\/dreaming-places.fr\/visiter\/","url":"https:\/\/dreaming-places.fr\/visiter\/","name":"Besuchen - Dreaming Places","isPartOf":{"@id":"https:\/\/dreaming-places.fr\/#website"},"datePublished":"2023-10-22T19:14:27+00:00","dateModified":"2023-12-11T00:01:21+00:00","breadcrumb":{"@id":"https:\/\/dreaming-places.fr\/visiter\/#breadcrumb"},"inLanguage":"de-DE","potentialAction":[{"@type":"ReadAction","target":["https:\/\/dreaming-places.fr\/visiter\/"]}]},{"@type":"BreadcrumbList","@id":"https:\/\/dreaming-places.fr\/visiter\/#breadcrumb","itemListElement":[{"@type":"ListItem","position":1,"name":"Home","item":"https:\/\/dreaming-places.fr\/"},{"@type":"ListItem","position":2,"name":"Visiter"}]},{"@type":"WebSite","@id":"https:\/\/dreaming-places.fr\/#website","url":"https:\/\/dreaming-places.fr\/","name":"Dreaming Places","description":"Dreaming places erm\u00f6glicht es Ihnen, einen Traumurlaub zu verbringen, indem Sie prachtvolle Luxusvillen von Privatpersonen mieten.","publisher":{"@id":"https:\/\/dreaming-places.fr\/#organization"},"potentialAction":[{"@type":"SearchAction","target":{"@type":"EntryPoint","urlTemplate":"https:\/\/dreaming-places.fr\/?s={search_term_string}"},"query-input":"required name=search_term_string"}],"inLanguage":"de-DE"},{"@type":"Organization","@id":"https:\/\/dreaming-places.fr\/#organization","name":"Dreaming Places","url":"https:\/\/dreaming-places.fr\/","logo":{"@type":"ImageObject","inLanguage":"de-DE","@id":"https:\/\/dreaming-places.fr\/#\/schema\/logo\/image\/","url":"https:\/\/dreaming-places.fr\/app\/uploads\/2023\/11\/favicondp.png","contentUrl":"https:\/\/dreaming-places.fr\/app\/uploads\/2023\/11\/favicondp.png","width":300,"height":300,"caption":"Dreaming Places"},"image":{"@id":"https:\/\/dreaming-places.fr\/#\/schema\/logo\/image\/"},"sameAs":["https:\/\/www.facebook.com\/people\/Dreaming-Places\/100007864324742","https:\/\/www.youtube.com\/channel\/UCYA9FYTaM5IBNC8PX1IaJJQ#"]}]}},"_links":{"self":[{"href":"https:\/\/dreaming-places.fr\/de\/wp-json\/wp\/v2\/pages\/2907","targetHints":{"allow":["GET"]}}],"collection":[{"href":"https:\/\/dreaming-places.fr\/de\/wp-json\/wp\/v2\/pages"}],"about":[{"href":"https:\/\/dreaming-places.fr\/de\/wp-json\/wp\/v2\/types\/page"}],"author":[{"embeddable":true,"href":"https:\/\/dreaming-places.fr\/de\/wp-json\/wp\/v2\/users\/1"}],"replies":[{"embeddable":true,"href":"https:\/\/dreaming-places.fr\/de\/wp-json\/wp\/v2\/comments?post=2907"}],"version-history":[{"count":49,"href":"https:\/\/dreaming-places.fr\/de\/wp-json\/wp\/v2\/pages\/2907\/revisions"}],"predecessor-version":[{"id":3392,"href":"https:\/\/dreaming-places.fr\/de\/wp-json\/wp\/v2\/pages\/2907\/revisions\/3392"}],"wp:attachment":[{"href":"https:\/\/dreaming-places.fr\/de\/wp-json\/wp\/v2\/media?parent=2907"}],"wp:term":[{"taxonomy":"folder","embeddable":true,"href":"https:\/\/dreaming-places.fr\/de\/wp-json\/wp\/v2\/folder?post=2907"}],"curies":[{"name":"wp","href":"https:\/\/api.w.org\/{rel}","templated":true}]}}