{"id":3128,"date":"2023-11-24T20:47:12","date_gmt":"2023-11-24T20:47:12","guid":{"rendered":"https:\/\/dev.arthur-guilet.fr\/?post_type=property&#038;p=3128"},"modified":"2025-10-15T07:43:52","modified_gmt":"2025-10-15T07:43:52","slug":"les-sablettes","status":"publish","type":"property","link":"https:\/\/dreaming-places.fr\/en\/property\/les-sablettes\/","title":{"rendered":"Les Sablettes - Maison d'achitecte Semi-private beach, beach access"},"content":{"rendered":"<p>Emile Verhaeren wrote in 1902: \"I cannot see the sea without dreaming of a voyage.<\/p>\n<p>What better ambassador for this poet than Villa Les Sablettes. It can comfortably accommodate\u00a0<strong>Sleeps 8 with 4 bedrooms and 3 bathrooms<\/strong>\u00a0two of which are private. The house is extremely well appointed and comfortable, and faces the sea. The master bedroom, on the first floor, offers a\u00a0<strong>sea view from your bed<\/strong>\u00a0and benefits from its own private bathroom (with bath and shower) and an attractive office area.<\/p>\n<p>The omnipresent teak invites you to live barefoot and enjoy the gentle passage of time. The outdoor terraces extend this living space to the sea, and are an undeniable asset to this haven of peace. The house is set in a veritable green setting at the end of a private, dead-end road, in an extremely calm and relaxing cocoon. Forget the fast-paced world and enjoy the passing of time.<\/p>\n<p>At high tide, when the coefficients are sufficient, the water is only a few centimetres from the terrace.<\/p>\n<p>At low tide, the sea leaves you, but those who like to fish on foot will have the pleasure of picking clams in front of the house.<br \/>\nAt high tide, you can set off directly from this almost \"private\" beach for a kayak trip.<\/p>\n<p>This little haven of peace will be the starting point for wonderful seaside strolls, from creek to creek.\u00a0<strong>The small beach at your feet is protected from the wind<\/strong>\u00a0and is, so to speak, privative.<\/p>\n<p>Many seabirds, such as cormorants, egrets and kingfishers, fish in front of the house, and birdwatchers will be delighted by the ornithological station on Ile de Grande.<\/p>\n<p>The house is located on the border between Pleumeur-Bodou and Trebeurden.<\/p>\n<p>The Arthurian soul hovers over this little corner of paradise, and King Arthur never really leaves our thoughts. His half-sister, the fairy Morgane (\"born of the sea\" in Breton), seems to use her powers to protect this little corner of paradise from the sea winds. This little cove, in the hollow of which the house is nestled, is quite simply \"sheltered\", as the olive and fig trees in the garden can testify.<\/p>\n<p>The house also has a cinema room. Your vacation home awaits you.<\/p>\n<p>The garden is fully enclosed, as is the seafront.<\/p>\n<div><\/div>\n<div>\n<table border=\"2\" cellpadding=\"2\">\n<tbody>\n<tr>\n<td>Season 2024<\/td>\n<td>price per week<\/td>\n<\/tr>\n<tr>\n<td>January to end of May<\/p>\n<p>first three weeks of october<\/p>\n<p>November to December 20<\/td>\n<td>2000 euros<\/td>\n<\/tr>\n<tr>\n<td>&nbsp;<\/p>\n<p>last week of June and<\/p>\n<p>first week of july<\/p>\n<p>&#8212;&#8212;&#8212;&#8212;&#8212;&#8212;&#8212;&#8212;&#8212;&#8212;&#8212;&#8212;&#8212;&#8212;<\/p>\n<p>july and september<\/p>\n<p>All Saints' vacations<\/p>\n<p>end-of-year vacations<\/td>\n<td>\u00a02700 euros<\/p>\n<p>&#8212;&#8212;&#8212;&#8212;&#8212;&#8212;&#8211;<\/p>\n<p>2,500 euros<\/td>\n<\/tr>\n<tr>\n<td>second week of July to end of August<\/p>\n<p>&nbsp;<\/td>\n<td>3,500 euros<\/td>\n<\/tr>\n<tr>\n<td>Deposit<\/td>\n<td>2000 euros<\/td>\n<\/tr>\n<\/tbody>\n<\/table>\n<\/div>","protected":false},"excerpt":{"rendered":"<p>Emile Verhaeren \u00e9crivait en 1902\u00a0: \u00ab\u00a0Je ne puis voir la mer sans r\u00eaver de voyage\u00a0\u00bb Quel meilleur ambassadeur pour ce po\u00e8te que la Villa Les Sablettes. Elle peut confortablement accueillir\u00a08 personnes avec ses 4 chambres et 3 salles-de-bain\u00a0dont deux privatives. La maison, extr\u00eamement bien am\u00e9nag\u00e9e et confortable est tourn\u00e9e vers la mer. La chambre principale, [&hellip;]<\/p>","protected":false},"author":1,"featured_media":3503,"parent":0,"menu_order":0,"template":"","property_type":[],"property_status":[25],"property_label":[],"property_country":[15],"property_state":[63],"property_city":[78],"property_area":[],"property_meta":{"smoobu_property_id":["464049"],"fave_property_id":["464049"],"_edit_lock":["1700858834:1"],"_edit_last":["1"],"fave_property_price":["2000"],"fave_property_price_prefix":["\u00c0 partir de"],"fave_property_price_postfix":["Semaine"],"fave_property_size":["260"],"fave_property_size_prefix":["m\u00b2"],"fave_property_bedrooms":["4"],"fave_property_bathrooms":["3"],"fave_property_garage":["4"],"fave_property_map":["1"],"fave_property_map_address":["5 bis, Hent Penn Chouen, Pleumeur-Bodou, Lannion, C\u00f4tes-d'Armor, Bretagne, France m\u00e9tropolitaine, 22560, France"],"fave_property_location":["48.79237959439797,-3.554114785273948"],"houzez_geolocation_lat":["48.79237959439797"],"houzez_geolocation_long":["-3.554114785273948"],"fave_property_map_street_view":[""],"fave_property_address":["5 bis, Hent Penn Chouen, Pleumeur-Bodou, Lannion, C\u00f4tes-d'Armor, Bretagne, France m\u00e9tropolitaine, 22560, France"],"fave_property_zip":["22560"],"fave_featured":["0"],"houzez_featured_listing_date":[""],"fave_agent_display_option":["agent_info"],"fave_single_top_area":["global"],"fave_single_content_area":["global"],"_aioseo_title":[null],"_aioseo_description":[null],"_aioseo_keywords":[""],"_aioseo_og_title":[null],"_aioseo_og_description":[null],"_aioseo_og_article_section":[""],"_aioseo_og_article_tags":[""],"_aioseo_twitter_title":[null],"_aioseo_twitter_description":[null],"houzez_manual_expire":["0"],"_houzez_expiration_date_status":["saved"],"calendar_script":["<div id='smoobuApartment464049fr' class='calendarWidget'> <div class='calendarContent' data-load-calendar-url='https:\/\/login.smoobu.com\/fr\/cockpit\/widget\/single-calendar\/464049' data-verification='cdc042ff0c25fbc85aace659921205049391c95e9dfd54e94a81201bc682cbc3' data-baseUrl='https:\/\/login.smoobu.com' data-disable-css='false' ><\/div> <script type='text\/javascript' src='https:\/\/login.smoobu.com\/js\/Apartment\/CalendarWidget.js'><\/script><\/div>"],"houzez_total_property_views":["3326"],"houzez_views_by_date":["a:61:{s:10:\"02-26-2026\";i:4;s:10:\"02-27-2026\";i:5;s:10:\"02-28-2026\";i:3;s:10:\"03-01-2026\";i:1;s:10:\"03-02-2026\";i:3;s:10:\"03-03-2026\";i:2;s:10:\"03-04-2026\";i:4;s:10:\"03-05-2026\";i:4;s:10:\"03-06-2026\";i:2;s:10:\"03-07-2026\";i:4;s:10:\"03-09-2026\";i:3;s:10:\"03-10-2026\";i:8;s:10:\"03-11-2026\";i:2;s:10:\"03-12-2026\";i:4;s:10:\"03-13-2026\";i:2;s:10:\"03-14-2026\";i:4;s:10:\"03-15-2026\";i:4;s:10:\"03-16-2026\";i:5;s:10:\"03-17-2026\";i:5;s:10:\"03-18-2026\";i:2;s:10:\"03-19-2026\";i:2;s:10:\"03-20-2026\";i:2;s:10:\"03-21-2026\";i:6;s:10:\"03-22-2026\";i:3;s:10:\"03-23-2026\";i:1;s:10:\"03-24-2026\";i:3;s:10:\"03-26-2026\";i:6;s:10:\"03-27-2026\";i:3;s:10:\"03-28-2026\";i:3;s:10:\"03-29-2026\";i:2;s:10:\"03-30-2026\";i:2;s:10:\"03-31-2026\";i:1;s:10:\"04-01-2026\";i:3;s:10:\"04-02-2026\";i:4;s:10:\"04-03-2026\";i:2;s:10:\"04-04-2026\";i:4;s:10:\"04-05-2026\";i:3;s:10:\"04-06-2026\";i:4;s:10:\"04-07-2026\";i:4;s:10:\"04-08-2026\";i:4;s:10:\"04-09-2026\";i:2;s:10:\"04-10-2026\";i:5;s:10:\"04-11-2026\";i:6;s:10:\"04-12-2026\";i:5;s:10:\"04-13-2026\";i:4;s:10:\"04-14-2026\";i:4;s:10:\"04-15-2026\";i:3;s:10:\"04-16-2026\";i:4;s:10:\"04-17-2026\";i:3;s:10:\"04-18-2026\";i:5;s:10:\"04-19-2026\";i:2;s:10:\"04-20-2026\";i:7;s:10:\"04-21-2026\";i:2;s:10:\"04-22-2026\";i:2;s:10:\"04-23-2026\";i:3;s:10:\"04-24-2026\";i:4;s:10:\"04-25-2026\";i:3;s:10:\"04-26-2026\";i:4;s:10:\"04-27-2026\";i:6;s:10:\"04-28-2026\";i:3;s:10:\"04-29-2026\";i:2;}"],"houzez_recently_viewed":["2026-04-29 05:10:53"],"fave_wc":["4"],"fave_nombres-de-locataires":["8"],"fave_property_sec_price":[""],"fave_currency":["EUR"],"fave_currency_info":["a:8:{s:2:\"id\";s:1:\"1\";s:13:\"currency_name\";s:4:\"Euro\";s:13:\"currency_code\";s:3:\"EUR\";s:15:\"currency_symbol\";s:3:\"\u20ac\";s:17:\"currency_position\";s:5:\"after\";s:16:\"currency_decimal\";s:1:\"1\";s:26:\"currency_decimal_separator\";s:1:\".\";s:27:\"currency_thousand_separator\";s:1:\",\";}"],"fave_property_land":[""],"fave_property_land_postfix":[""],"fave_property_rooms":[""],"fave_property_garage_size":[""],"fave_property_year":[""],"fave_video_url":[""],"additional_features":[""],"floor_plans":[""],"fave_multi_units":[""],"fave_loggedintoview":["0"],"fave_property_disclaimer":[""],"fave_payment_status":[""],"_trp_automatically_translated_slug_de_DE":["die-sandalen"],"houzez_total_rating":["5"],"_trp_automatically_translated_slug_en_US":["les-sablettes"],"fave_nom-du-bailleur":["LE JANNOU Maryvonne"],"fave_etage":["Premier \u00e9tage"],"fave_property_images":["3503","3502","3501","3499","3498","3500","3497","3496","3493","3495","3494","3492","3491","3490","3489","3488","3487","3486"],"_thumbnail_id":["3503"],"fave_agents":["3155"]},"yoast_head":"<!-- This site is optimized with the Yoast SEO plugin v21.6 - https:\/\/yoast.com\/wordpress\/plugins\/seo\/ -->\n<title>Les Sablettes - Maison d&#039;achitecte Plage semi-privative, acc\u00e8s plage - Dreaming Places<\/title>\n<meta name=\"robots\" content=\"index, follow, max-snippet:-1, max-image-preview:large, max-video-preview:-1\" \/>\n<link rel=\"canonical\" href=\"https:\/\/dreaming-places.fr\/en\/property\/les-sablettes\/\" \/>\n<meta property=\"og:locale\" content=\"en_US\" \/>\n<meta property=\"og:type\" content=\"article\" \/>\n<meta property=\"og:title\" content=\"Les Sablettes - Maison d&#039;achitecte Plage semi-privative, acc\u00e8s plage - Dreaming Places\" \/>\n<meta property=\"og:description\" content=\"Emile Verhaeren \u00e9crivait en 1902\u00a0: \u00ab\u00a0Je ne puis voir la mer sans r\u00eaver de voyage\u00a0\u00bb Quel meilleur ambassadeur pour ce po\u00e8te que la Villa Les Sablettes. Elle peut confortablement accueillir\u00a08 personnes avec ses 4 chambres et 3 salles-de-bain\u00a0dont deux privatives. La maison, extr\u00eamement bien am\u00e9nag\u00e9e et confortable est tourn\u00e9e vers la mer. La chambre principale, [&hellip;]\" \/>\n<meta property=\"og:url\" content=\"https:\/\/dreaming-places.fr\/en\/property\/les-sablettes\/\" \/>\n<meta property=\"og:site_name\" content=\"Dreaming Places\" \/>\n<meta property=\"article:publisher\" content=\"https:\/\/www.facebook.com\/people\/Dreaming-Places\/100007864324742\" \/>\n<meta property=\"article:modified_time\" content=\"2025-10-15T07:43:52+00:00\" \/>\n<meta property=\"og:image\" content=\"https:\/\/dreaming-places.fr\/app\/uploads\/2023\/11\/les-sablettes-1.jpg\" \/>\n\t<meta property=\"og:image:width\" content=\"1920\" \/>\n\t<meta property=\"og:image:height\" content=\"800\" \/>\n\t<meta property=\"og:image:type\" content=\"image\/jpeg\" \/>\n<meta name=\"twitter:card\" content=\"summary_large_image\" \/>\n<meta name=\"twitter:label1\" content=\"Est. reading time\" \/>\n\t<meta name=\"twitter:data1\" content=\"2 minutes\" \/>\n<script type=\"application\/ld+json\" class=\"yoast-schema-graph\">{\"@context\":\"https:\/\/schema.org\",\"@graph\":[{\"@type\":\"WebPage\",\"@id\":\"https:\/\/dreaming-places.fr\/property\/les-sablettes\/\",\"url\":\"https:\/\/dreaming-places.fr\/property\/les-sablettes\/\",\"name\":\"Les Sablettes - Maison d'achitecte Plage semi-privative, acc\u00e8s plage - Dreaming Places\",\"isPartOf\":{\"@id\":\"https:\/\/dreaming-places.fr\/#website\"},\"datePublished\":\"2023-11-24T20:47:12+00:00\",\"dateModified\":\"2025-10-15T07:43:52+00:00\",\"breadcrumb\":{\"@id\":\"https:\/\/dreaming-places.fr\/property\/les-sablettes\/#breadcrumb\"},\"inLanguage\":\"en-US\",\"potentialAction\":[{\"@type\":\"ReadAction\",\"target\":[\"https:\/\/dreaming-places.fr\/property\/les-sablettes\/\"]}]},{\"@type\":\"BreadcrumbList\",\"@id\":\"https:\/\/dreaming-places.fr\/property\/les-sablettes\/#breadcrumb\",\"itemListElement\":[{\"@type\":\"ListItem\",\"position\":1,\"name\":\"Home\",\"item\":\"https:\/\/dreaming-places.fr\/\"},{\"@type\":\"ListItem\",\"position\":2,\"name\":\"Propri\u00e9t\u00e9s\",\"item\":\"https:\/\/dreaming-places.fr\/property\/\"},{\"@type\":\"ListItem\",\"position\":3,\"name\":\"Les Sablettes &#8211; Maison d&rsquo;achitecte Plage semi-privative, acc\u00e8s plage\"}]},{\"@type\":\"WebSite\",\"@id\":\"https:\/\/dreaming-places.fr\/#website\",\"url\":\"https:\/\/dreaming-places.fr\/\",\"name\":\"Dreaming Places\",\"description\":\"Dreaming places vous permet de passer des vacances de r\u00eave, gr\u00e2ce \u00e0 la location de somptueuses villas de luxe de particuliers.\",\"publisher\":{\"@id\":\"https:\/\/dreaming-places.fr\/#organization\"},\"potentialAction\":[{\"@type\":\"SearchAction\",\"target\":{\"@type\":\"EntryPoint\",\"urlTemplate\":\"https:\/\/dreaming-places.fr\/?s={search_term_string}\"},\"query-input\":\"required name=search_term_string\"}],\"inLanguage\":\"en-US\"},{\"@type\":\"Organization\",\"@id\":\"https:\/\/dreaming-places.fr\/#organization\",\"name\":\"Dreaming Places\",\"url\":\"https:\/\/dreaming-places.fr\/\",\"logo\":{\"@type\":\"ImageObject\",\"inLanguage\":\"en-US\",\"@id\":\"https:\/\/dreaming-places.fr\/#\/schema\/logo\/image\/\",\"url\":\"https:\/\/dreaming-places.fr\/app\/uploads\/2023\/11\/favicondp.png\",\"contentUrl\":\"https:\/\/dreaming-places.fr\/app\/uploads\/2023\/11\/favicondp.png\",\"width\":300,\"height\":300,\"caption\":\"Dreaming Places\"},\"image\":{\"@id\":\"https:\/\/dreaming-places.fr\/#\/schema\/logo\/image\/\"},\"sameAs\":[\"https:\/\/www.facebook.com\/people\/Dreaming-Places\/100007864324742\",\"https:\/\/www.youtube.com\/channel\/UCYA9FYTaM5IBNC8PX1IaJJQ#\"]}]}<\/script>\n<!-- \/ Yoast SEO plugin. -->","yoast_head_json":{"title":"Les Sablettes - Maison d'achitecte Plage semi-privative, acc\u00e8s plage - Dreaming Places","robots":{"index":"index","follow":"follow","max-snippet":"max-snippet:-1","max-image-preview":"max-image-preview:large","max-video-preview":"max-video-preview:-1"},"canonical":"https:\/\/dreaming-places.fr\/en\/property\/les-sablettes\/","og_locale":"en_US","og_type":"article","og_title":"Les Sablettes - Maison d'achitecte Plage semi-privative, acc\u00e8s plage - Dreaming Places","og_description":"Emile Verhaeren \u00e9crivait en 1902\u00a0: \u00ab\u00a0Je ne puis voir la mer sans r\u00eaver de voyage\u00a0\u00bb Quel meilleur ambassadeur pour ce po\u00e8te que la Villa Les Sablettes. Elle peut confortablement accueillir\u00a08 personnes avec ses 4 chambres et 3 salles-de-bain\u00a0dont deux privatives. La maison, extr\u00eamement bien am\u00e9nag\u00e9e et confortable est tourn\u00e9e vers la mer. La chambre principale, [&hellip;]","og_url":"https:\/\/dreaming-places.fr\/en\/property\/les-sablettes\/","og_site_name":"Dreaming Places","article_publisher":"https:\/\/www.facebook.com\/people\/Dreaming-Places\/100007864324742","article_modified_time":"2025-10-15T07:43:52+00:00","og_image":[{"width":1920,"height":800,"url":"https:\/\/dreaming-places.fr\/app\/uploads\/2023\/11\/les-sablettes-1.jpg","type":"image\/jpeg"}],"twitter_card":"summary_large_image","twitter_misc":{"Est. reading time":"2 minutes"},"schema":{"@context":"https:\/\/schema.org","@graph":[{"@type":"WebPage","@id":"https:\/\/dreaming-places.fr\/property\/les-sablettes\/","url":"https:\/\/dreaming-places.fr\/property\/les-sablettes\/","name":"Les Sablettes - Maison d'achitecte Plage semi-privative, acc\u00e8s plage - Dreaming Places","isPartOf":{"@id":"https:\/\/dreaming-places.fr\/#website"},"datePublished":"2023-11-24T20:47:12+00:00","dateModified":"2025-10-15T07:43:52+00:00","breadcrumb":{"@id":"https:\/\/dreaming-places.fr\/property\/les-sablettes\/#breadcrumb"},"inLanguage":"en-US","potentialAction":[{"@type":"ReadAction","target":["https:\/\/dreaming-places.fr\/property\/les-sablettes\/"]}]},{"@type":"BreadcrumbList","@id":"https:\/\/dreaming-places.fr\/property\/les-sablettes\/#breadcrumb","itemListElement":[{"@type":"ListItem","position":1,"name":"Home","item":"https:\/\/dreaming-places.fr\/"},{"@type":"ListItem","position":2,"name":"Propri\u00e9t\u00e9s","item":"https:\/\/dreaming-places.fr\/property\/"},{"@type":"ListItem","position":3,"name":"Les Sablettes &#8211; Maison d&rsquo;achitecte Plage semi-privative, acc\u00e8s plage"}]},{"@type":"WebSite","@id":"https:\/\/dreaming-places.fr\/#website","url":"https:\/\/dreaming-places.fr\/","name":"Dreaming Places","description":"Dreaming places vous permet de passer des vacances de r\u00eave, gr\u00e2ce \u00e0 la location de somptueuses villas de luxe de particuliers.","publisher":{"@id":"https:\/\/dreaming-places.fr\/#organization"},"potentialAction":[{"@type":"SearchAction","target":{"@type":"EntryPoint","urlTemplate":"https:\/\/dreaming-places.fr\/?s={search_term_string}"},"query-input":"required name=search_term_string"}],"inLanguage":"en-US"},{"@type":"Organization","@id":"https:\/\/dreaming-places.fr\/#organization","name":"Dreaming Places","url":"https:\/\/dreaming-places.fr\/","logo":{"@type":"ImageObject","inLanguage":"en-US","@id":"https:\/\/dreaming-places.fr\/#\/schema\/logo\/image\/","url":"https:\/\/dreaming-places.fr\/app\/uploads\/2023\/11\/favicondp.png","contentUrl":"https:\/\/dreaming-places.fr\/app\/uploads\/2023\/11\/favicondp.png","width":300,"height":300,"caption":"Dreaming Places"},"image":{"@id":"https:\/\/dreaming-places.fr\/#\/schema\/logo\/image\/"},"sameAs":["https:\/\/www.facebook.com\/people\/Dreaming-Places\/100007864324742","https:\/\/www.youtube.com\/channel\/UCYA9FYTaM5IBNC8PX1IaJJQ#"]}]}},"_links":{"self":[{"href":"https:\/\/dreaming-places.fr\/en\/wp-json\/wp\/v2\/properties\/3128"}],"collection":[{"href":"https:\/\/dreaming-places.fr\/en\/wp-json\/wp\/v2\/properties"}],"about":[{"href":"https:\/\/dreaming-places.fr\/en\/wp-json\/wp\/v2\/types\/property"}],"author":[{"embeddable":true,"href":"https:\/\/dreaming-places.fr\/en\/wp-json\/wp\/v2\/users\/1"}],"version-history":[{"count":7,"href":"https:\/\/dreaming-places.fr\/en\/wp-json\/wp\/v2\/properties\/3128\/revisions"}],"predecessor-version":[{"id":6549,"href":"https:\/\/dreaming-places.fr\/en\/wp-json\/wp\/v2\/properties\/3128\/revisions\/6549"}],"wp:featuredmedia":[{"embeddable":true,"href":"https:\/\/dreaming-places.fr\/en\/wp-json\/wp\/v2\/media\/3503"}],"wp:attachment":[{"href":"https:\/\/dreaming-places.fr\/en\/wp-json\/wp\/v2\/media?parent=3128"}],"wp:term":[{"taxonomy":"property_type","embeddable":true,"href":"https:\/\/dreaming-places.fr\/en\/wp-json\/wp\/v2\/property_type?post=3128"},{"taxonomy":"property_status","embeddable":true,"href":"https:\/\/dreaming-places.fr\/en\/wp-json\/wp\/v2\/property_status?post=3128"},{"taxonomy":"property_label","embeddable":true,"href":"https:\/\/dreaming-places.fr\/en\/wp-json\/wp\/v2\/property_label?post=3128"},{"taxonomy":"property_country","embeddable":true,"href":"https:\/\/dreaming-places.fr\/en\/wp-json\/wp\/v2\/property_country?post=3128"},{"taxonomy":"property_state","embeddable":true,"href":"https:\/\/dreaming-places.fr\/en\/wp-json\/wp\/v2\/property_state?post=3128"},{"taxonomy":"property_city","embeddable":true,"href":"https:\/\/dreaming-places.fr\/en\/wp-json\/wp\/v2\/property_city?post=3128"},{"taxonomy":"property_area","embeddable":true,"href":"https:\/\/dreaming-places.fr\/en\/wp-json\/wp\/v2\/property_area?post=3128"}],"curies":[{"name":"wp","href":"https:\/\/api.w.org\/{rel}","templated":true}]}}